{"id":924,"date":"2015-04-06T20:45:10","date_gmt":"2015-04-06T19:45:10","guid":{"rendered":"https:\/\/www.garcia-avocat-paris.fr\/licenciement?page_id=924"},"modified":"2023-03-18T12:26:03","modified_gmt":"2023-03-18T11:26:03","slug":"licenciement-pour-inaptitude","status":"publish","type":"page","link":"https:\/\/www.garcia-avocat-paris.fr\/licenciement\/licenciement-pour-inaptitude\/","title":{"rendered":"Licenciement pour inaptitude"},"content":{"rendered":"<header><\/header>\n<h2 style=\"text-align: left;\"><em><span style=\"text-decoration: underline;\">&#8211; Le licenciement pour inaptitude du salari\u00e9<\/span><\/em><\/h2>\n<p style=\"text-align: justify;\">L&#8217;inaptitude au travail est une incapacit\u00e9 physique ou mentale \u00e0 exercer tout ou partie de ses fonctions. Elle ne peut \u00eatre \u00e9tablie que par le m\u00e9decin du travail qui l&#8217;assortit d&#8217;indications sur les \u00e9ventuelles possibilit\u00e9s de reclassement du salari\u00e9.<img decoding=\"async\" class=\"alignright wp-image-925\" src=\"https:\/\/www.garcia-avocat-paris.fr\/licenciement\/wp-content\/uploads\/2015\/04\/Licenciement-pour-inaptitude-du-salari\u00e9-450x300.jpg\" alt=\"Le licenciement pour inaptitude \u00e0 l'emploi d'un salari\u00e9 qui ne comprend pas pourquoi il est licenci\u00e9; avocat licenciement pour inaptitude\" width=\"243\" height=\"162\" \/><\/p>\n<p style=\"text-align: justify;\">Lorsque le salari\u00e9 est d\u00e9clar\u00e9 inapte, l&#8217;employeur est tenu \u00e0 une obligation de reclassement. Cette obligation de reclassement s&#8217;applique que l&#8217;inaptitude soit temporaire ou d\u00e9finitive, d&#8217;origine professionnelle ou non.<\/p>\n<p style=\"text-align: justify;\">S\u2019il ne peut proc\u00e9der \u00e0 son reclassement, l&#8217;employeur se trouve dans l&#8217;obligation de le licencier.<\/p>\n<h3 style=\"text-align: left;\"><span style=\"text-decoration: underline;\">&#8211; La<\/span><span style=\"text-decoration: underline;\"> constatation de l\u2019inaptitude par une visite m\u00e9dicale<\/span><\/h3>\n<p style=\"text-align: justify;\">L\u2019inaptitude d\u2019un salari\u00e9 \u00e0 son poste peut \u00eatre constat\u00e9e soit\u00a0:<\/p>\n<p style=\"text-align: justify;\">&#8211; dans le cadre de la surveillance m\u00e9dicale des salari\u00e9s (visite d\u2019embauche, visite p\u00e9riodique, visite \u00e0 la demande du salari\u00e9 ou de l\u2019employeur\u2026),<\/p>\n<p style=\"text-align: justify;\">&#8211; dans le cadre de la visite de reprise apr\u00e8s un arr\u00eat de travail, c\u2019est-\u00e0-dire apr\u00e8s une absence pour cause de maladie professionnelle, apr\u00e8s un cong\u00e9 de maternit\u00e9, apr\u00e8s une absence d\u2019au moins 30 jours pour cause d\u2019accident du travail, de maladie ou d\u2019accident non professionnel..<\/p>\n<p style=\"text-align: justify;\">L\u2019inaptitude du salari\u00e9 est appr\u00e9ci\u00e9 \u00ab\u00a0\u00e0 la date \u00e0 laquelle elle a \u00e9t\u00e9 constat\u00e9e\u00a0\u00bb par le m\u00e9decin du travail, une \u00e9volution ult\u00e9rieure \u00e9tant sans influence <em>(<\/em><em> Cass. soc., 13\u00a0oct. 1982, n\u00b0 80-41.372\u00a0<\/em><em>,<\/em><em> Cass. soc., 12\u00a0mai 1993, n\u00b0 89-40.605)<\/em><em>.<\/em><\/p>\n<p style=\"text-align: justify;\">La cour de cassation a ainsi pr\u00e9cis\u00e9 que\u00a0:<\/p>\n<p style=\"text-align: justify;\"><em>\u00ab\u00a0Mais attendu que <strong><span style=\"text-decoration: underline;\">l&#8217;inaptitude au travail qui doit \u00eatre appr\u00e9ci\u00e9e par rapport a l&#8217;emploi occupe \u00e0 la date a laquelle elle est constat\u00e9e<\/span><\/strong> entraine la rupture du contrat de travail que le salarie ne peut plus ex\u00e9cuter et que l&#8217;employeur qui en prend l&#8217;initiative n&#8217;est pas tenu de proposer au salari\u00e9 un autre emploi\u00a0\u00bb.<\/em><\/p>\n<p style=\"text-align: justify;\">L\u2019article R.4624-31 du Code du travail pr\u00e9voit que l\u2019inaptitude ne peut \u00eatre constat\u00e9e qu\u2019apr\u00e8s deux examens m\u00e9dicaux aupr\u00e8s du m\u00e9decin du travail, (sauf danger pour le salari\u00e9, auquel cas, l\u2019avis est d\u00e9livr\u00e9 en une seule visite).<\/p>\n<p style=\"text-align: justify;\">Le m\u00e9decin du travail ne s\u2019en tient pas uniquement \u00e0 un avis d\u2019inaptitude. Il doit formuler des observations, conclusions ou recommandations relatives aux emplois que le salari\u00e9 peut effectuer.<\/p>\n<h3 style=\"text-align: left;\"><span style=\"text-decoration: underline;\">&#8211; Les cons\u00e9quences de l\u2019avis d\u2019inaptitude du salari\u00e9<\/span><\/h3>\n<p>Lorsqu&#8217;un salari\u00e9 est d\u00e9clar\u00e9 par le m\u00e9decin du travail inapte \u00e0 reprendre l&#8217;emploi qu&#8217;il occupait pr\u00e9c\u00e9demment, l&#8217;employeur est tenu de lui proposer un autre emploi\u00a0:<\/p>\n<p>&#8211; appropri\u00e9\u00a0\u00e0 ses capacit\u00e9s, compte tenu des conclusions \u00e9crites du m\u00e9decin du travail et des indications qu\u2019il formule sur l\u2019aptitude du salari\u00e9 \u00e0 exercer l\u2019une des t\u00e2ches existantes dans l\u2019entreprise,<\/p>\n<p>&#8211; et aussi comparable possible \u00e0 l&#8217;emploi pr\u00e9c\u00e9demment occup\u00e9, au besoin par la mise en \u0153uvre de mesures telles que mutations, transformations de poste de travail ou am\u00e9nagement du temps de travail.<\/p>\n<p><strong><span style=\"text-decoration: underline;\">Textes de r\u00e9f\u00e9rence\u00a0:<\/span><\/strong><\/p>\n<p style=\"text-align: justify;\">L\u2019article L 1226-2 du code du travail pr\u00e9voit que\u00a0: <em>\u00ab\u00a0<\/em><em>Lorsque, \u00e0 l&#8217;issue des p\u00e9riodes de suspension du contrat de travail cons\u00e9cutives \u00e0 une maladie ou un accident non professionnel, le salari\u00e9 est d\u00e9clar\u00e9 inapte par le m\u00e9decin du travail \u00e0 reprendre l&#8217;emploi qu&#8217;il occupait pr\u00e9c\u00e9demment, l&#8217;employeur lui propose un autre emploi appropri\u00e9 \u00e0 ses capacit\u00e9s.<\/em><\/p>\n<p style=\"text-align: justify;\"><em>\u2002Cette proposition prend en compte les conclusions \u00e9crites du m\u00e9decin du travail et les indications qu&#8217;il formule sur l&#8217;aptitude du salari\u00e9 \u00e0 exercer l&#8217;une des t\u00e2ches existantes dans l&#8217;entreprise. <\/em><\/p>\n<p style=\"text-align: justify;\"><em>\u2002L&#8217;emploi propos\u00e9 est aussi comparable que possible \u00e0 l&#8217;emploi pr\u00e9c\u00e9demment occup\u00e9, au besoin par la mise en \u0153uvre de mesures telles que mutations, transformations de postes de travail ou am\u00e9nagement du temps de travail.\u00a0\u00bb<\/em><\/p>\n<p style=\"text-align: justify;\"><em>\u00a0<\/em>L\u2019article L1226-10 du Code du travail qui traite de l\u2019inaptitude professionnelle du salari\u00e9 pr\u00e9voit que<em>\u00a0: \u00ab\u00a0Lorsque, \u00e0 l&#8217;issue des p\u00e9riodes de suspension du contrat de travail cons\u00e9cutives \u00e0 un accident du travail ou \u00e0 une maladie professionnelle, le salari\u00e9 est d\u00e9clar\u00e9 inapte par le m\u00e9decin du travail \u00e0 reprendre l&#8217;emploi qu&#8217;il occupait pr\u00e9c\u00e9demment, l&#8217;employeur lui propose un autre emploi appropri\u00e9 \u00e0 ses capacit\u00e9s.<\/em><\/p>\n<p style=\"text-align: justify;\"><em>\u2002Cette proposition prend en compte, apr\u00e8s avis des d\u00e9l\u00e9gu\u00e9s du personnel, les conclusions \u00e9crites du m\u00e9decin du travail et les indications qu&#8217;il formule sur l&#8217;aptitude du salari\u00e9 \u00e0 exercer l&#8217;une des t\u00e2ches existant dans l&#8217;entreprise. \u00a0(L. n<sup>o<\/sup> 2009-1437 du 24 nov. 2009) \u00a0\u00abDans les entreprises \u00a0(L. n<sup>o<\/sup> 2012-387 du 22 mars 2012, art. 43) \u00a0\u00abd&#8217;au moins cinquante salari\u00e9s, le m\u00e9decin du travail formule \u00e9galement des indications sur l&#8217;aptitude du salari\u00e9 \u00e0 b\u00e9n\u00e9ficier d&#8217;une formation destin\u00e9e \u00e0 lui proposer un poste adapt\u00e9.\u00bb <\/em><\/p>\n<p style=\"text-align: justify;\"><em>\u2002L&#8217;emploi propos\u00e9 est aussi comparable que possible \u00e0 l&#8217;emploi pr\u00e9c\u00e9demment occup\u00e9, au besoin par la mise en \u0153uvre de mesures telles que mutations, transformations de postes ou am\u00e9nagement du temps de travail.\u00a0\u00bb<\/em><\/p>\n<h3 style=\"text-align: left;\"><span style=\"text-decoration: underline;\">&#8211; Le licenciement du salari\u00e9 pour inaptitude<\/span><\/h3>\n<p style=\"text-align: justify;\">Le principe g\u00e9n\u00e9ral en la mati\u00e8re est le suivant\u00a0: Aucun salari\u00e9 ne peut \u00eatre sanctionn\u00e9 ou licenci\u00e9 en raison de son \u00e9tat de sant\u00e9 ou de son handicap. Si le v\u00e9ritable motif du licenciement est l\u2019\u00e9tat de sant\u00e9 su salari\u00e9, le licenciement sera d\u00e9clar\u00e9 nul.<\/p>\n<p style=\"text-align: justify;\">En cas d\u2019inaptitude du salari\u00e9, le seul motif l\u00e9gitime de rupture du contrat de travail est l\u2019impossibilit\u00e9 pour le salari\u00e9 de reclasser le salari\u00e9.<\/p>\n<p style=\"text-align: justify;\">Le r\u00f4le de l\u2019avocat est en droit du travail est de v\u00e9rifier si un recherche effective d\u2019un reclassement a \u00e9t\u00e9 effectuer par l\u2019employeur lorsque le salari\u00e9 a \u00e9t\u00e9 d\u00e9clar\u00e9 inapte.<\/p>\n<p style=\"text-align: justify;\">L\u2019employeur qui licencie un salari\u00e9 pour inaptitude doit justifier de son impossibilit\u00e9 de proposer un emploi appropri\u00e9 aux capacit\u00e9s du salari\u00e9, soit du refus par le salari\u00e9 de l\u2019emploi propos\u00e9.<\/p>\n<p style=\"text-align: justify;\">En cas de litige, c\u2019est \u00e0 l\u2019employeur d\u2019apporter la preuve que le reclassement du salari\u00e9 est impossible.<\/p>\n<p style=\"text-align: justify;\">La cour de Cassation a jug\u00e9 que ne suffit pas \u00e0 d\u00e9montrer que l\u2019employeur a effectu\u00e9 des recherches pour reclasser le salari\u00e9\u00a0:<\/p>\n<p style=\"text-align: justify;\">&#8211;\u00a0 la seule production aux d\u00e9bats d&#8217;un compte-rendu de r\u00e9union des d\u00e9l\u00e9gu\u00e9s du personnel et des membres du CHSCT relative \u00e0 l&#8217;examen des possibilit\u00e9s de reclassement du salari\u00e9 dans l&#8217;entreprise ne suffit pas \u00e0 d\u00e9montrer que le reclassement de ce dernier est impossible (<em>Cass. soc., 14 mai 2003, n<sup>o<\/sup> 01-42.115<\/em><em>)<\/em><em>.<\/em><\/p>\n<p style=\"text-align: justify;\"><em>&#8211; <\/em>\u00a0L\u2019employeur ne peut pas imposer une modification (une mutation)\u00a0 de son contrat de travail \u00e0 un salari\u00e9 pour permettre le reclassement du salari\u00e9 inapte sur son poste. L&#8217;employeur doit rapporter la preuve qu&#8217;il n&#8217;existait pas d&#8217;autres postes disponibles <em>(cass. soc. 15 nov. 2006, n\u00b005-40408).<\/em><\/p>\n<p style=\"text-align: justify;\"><strong><span style=\"text-decoration: underline;\">Bon \u00e0 savoir\u00a0<\/span><\/strong>: La recherche de reclassement doit s\u2019appr\u00e9cier au niveau de l\u2019entreprise mais \u00e9galement \u00e0 l\u2019int\u00e9rieur du groupe auquel d\u00e9pend\u00a0 l\u2019employeur concern\u00e9.<\/p>\n<h3 style=\"text-align: left;\"><span style=\"text-decoration: underline;\">&#8211; Le refus du reclassement par le salari\u00e9<\/span><\/h3>\n<p style=\"text-align: justify;\">Dans cette situation, il doit \u00eatre distingu\u00e9 selon que l\u2019inaptitude est d\u2019origine professionnelle ou pas.<\/p>\n<p style=\"text-align: justify;\">En cas d\u2019inaptitude d\u2019origine non professionnelle\u00a0: Lorsque le salari\u00e9 refuse le reclassement propos\u00e9 par l&#8217;employeur, c&#8217;est \u00e0 ce dernier d&#8217;en tirer les cons\u00e9quences, soit en formulant de nouvelles propositions de reclassement, soit en proc\u00e9dant au licenciement du salari\u00e9.<\/p>\n<p style=\"text-align: justify;\">En cas d\u2019inaptitude d\u2019origine professionnelle, le refus du salari\u00e9 ne suffit pas \u00e0 l\u00e9gitimer le licenciement pour inaptitude. L\u2019employeur doit \u00e9tablir qu\u2019il ne dispose d\u2019aucun poste compatible avec l\u2019inaptitude du salari\u00e9, et doit faire conna\u00eetre par \u00e9crit, les motifs qui rendent impossible le reclassement du salari\u00e9 avant de proc\u00e9der au licenciement pour inaptitude du salari\u00e9.<\/p>\n<h2><em><span style=\"text-decoration: underline;\">&#8211; La proc\u00e9dure de licenciement pour inaptitude<img decoding=\"async\" class=\"alignright wp-image-1177\" src=\"https:\/\/www.garcia-avocat-paris.fr\/licenciement\/wp-content\/uploads\/2015\/05\/49.jpg\" alt=\"Lettre de licenciement pour une proc\u00e9dure de licenciement\" width=\"244\" height=\"116\" srcset=\"https:\/\/www.garcia-avocat-paris.fr\/licenciement\/wp-content\/uploads\/2015\/05\/49.jpg 495w, https:\/\/www.garcia-avocat-paris.fr\/licenciement\/wp-content\/uploads\/2015\/05\/49-450x214.jpg 450w\" sizes=\"(max-width: 244px) 100vw, 244px\" \/><\/span><\/em><\/h2>\n<p style=\"text-align: justify;\"><strong><span style=\"text-decoration: underline;\">&#8211; Licenciement dans un d\u00e9lai d\u2019un mois \u00e0 compter de la date de l\u2019examen m\u00e9dical de reprise du travail.<\/span><\/strong><\/p>\n<p style=\"text-align: justify;\">Lorsqu\u2019\u00e0 l\u2019issue de ce d\u00e9lai d\u2019un mois, le salari\u00e9 qui a \u00e9t\u00e9 d\u00e9clar\u00e9 inapte n\u2019est pas reclass\u00e9 dans l\u2019entreprise ou n\u2019est pas licenci\u00e9, l\u2019employeur est tenu de lui verser le salaire correspondant \u00e0 l\u2019emploi que celui-ci occupait avant la suspension de son contrat de travail.<\/p>\n<p style=\"text-align: justify;\"><strong><span style=\"text-decoration: underline;\">&#8211; Mise en \u0153uvre de la proc\u00e9dure de licenciement pour motif personnel<\/span><\/strong><\/p>\n<p style=\"text-align: justify;\">L\u2019employeur qui met en \u0153uvre le licenciement pour inaptitude est tenu de respecter la proc\u00e9dure de licenciement pour motif personnel pr\u00e9vue aux articles L1232-1 \u00e0 L1232-14 du Code du travail (entretien pr\u00e9alable, assistance du salari\u00e9, notification du licenciement, conseiller du salari\u00e9) (lien vers la proc\u00e9dure de licenciement pour motif personnel).<\/p>\n<p style=\"text-align: justify;\"><strong><span style=\"text-decoration: underline;\">&#8211; Contenu de la lettre de licenciement<\/span><\/strong><\/p>\n<p style=\"text-align: justify;\">Deux \u00e9l\u00e9ments doivent \u00eatre pr\u00e9cis\u00e9s dans la lettre de licenciement. Il doit y figurer l\u2019\u00e9nonciation claire de l\u2019inaptitude du salari\u00e9 et l\u2019impossibilit\u00e9 de reclassement du salari\u00e9.<\/p>\n<p style=\"text-align: justify;\"><strong><span style=\"text-decoration: underline;\">&#8211; Les indemnit\u00e9s dues au salari\u00e9<\/span><\/strong><\/p>\n<ul style=\"text-align: justify;\">\n<li><strong><span style=\"text-decoration: underline;\">Le cas de l\u2019inaptitude du salari\u00e9 d\u2019origine non professionnelle<\/span><\/strong><\/li>\n<\/ul>\n<p style=\"text-align: justify;\">Si le licenciement pour inaptitude du salari\u00e9 a une cause r\u00e9elle et s\u00e9rieuse, c\u2019est-\u00e0-dire en cas d\u2019impossibilit\u00e9 de reclassement du salari\u00e9, l\u2019indemnit\u00e9 l\u00e9gale ou conventionnelle de licenciement est due.<\/p>\n<p style=\"text-align: justify;\">Le salari\u00e9 qui est licenci\u00e9 en raison d&#8217;une impossibilit\u00e9 de reclassement ne peut, en principe, pr\u00e9tendre au paiement d&#8217;une indemnit\u00e9 pour un pr\u00e9avis qu&#8217;il est dans l&#8217;impossibilit\u00e9 physique d&#8217;ex\u00e9cuter en raison d&#8217;une inaptitude \u00e0 son emploi (Article L1226-4 du Code du travail).<\/p>\n<p style=\"text-align: justify;\">Le contrat de travail est rompu \u00e0 la date de notification du licenciement mais le pr\u00e9avis est n\u00e9anmoins pris en compte pour le calcul de l\u2019indemnit\u00e9 l\u00e9gale de licenciement.<\/p>\n<ul style=\"text-align: justify;\">\n<li><strong><span style=\"text-decoration: underline;\">Le cas de l\u2019inaptitude du salari\u00e9 d\u2019origine professionnelle<\/span><\/strong><\/li>\n<\/ul>\n<p style=\"text-align: justify;\">Lorsque l&#8217;inaptitude trouve son origine dans un accident du travail ou une maladie professionnelle, l\u2019employeur est tenu de verser les sommes suivantes:<\/p>\n<ul>\n<li style=\"text-align: justify;\">Une indemnit\u00e9 compensatrice de pr\u00e9avis<\/li>\n<li>Une indemnit\u00e9 sp\u00e9ciale (article L1226-14 du Code du travail) \u00e9gale au double de l\u2019indemnit\u00e9 l\u00e9gale (et non de l\u2019indemnit\u00e9 conventionnelle)<\/li>\n<\/ul>\n<h3 style=\"text-align: justify;\"><span style=\"text-decoration: underline;\">&#8211; La contestation du licenciement<\/span><\/h3>\n<p style=\"text-align: justify;\">Le licenciement pour inaptitude du salari\u00e9 sera d\u00e9pourvu de cause r\u00e9elle et s\u00e9rieuse en cas de manquement par l\u2019employeur \u00e0 son obligation de reclassement cons\u00e9cutive \u00e0 l\u2019inaptitude.<\/p>\n<p style=\"text-align: justify;\">Les indemnit\u00e9s dues varient selon qu\u2019il s\u2019agit d\u2019une inaptitude d\u2019origine professionnelle ou non.<\/p>\n<ul style=\"text-align: justify;\">\n<li><strong><span style=\"text-decoration: underline;\">En cas d\u2019inaptitude d\u2019origine non professionnelle<\/span><\/strong><\/li>\n<\/ul>\n<p style=\"text-align: justify;\">En l&#8217;absence de recherche de reclassement s\u00e9rieuse, le licenciement est d\u00e9pourvu de cause r\u00e9elle et s\u00e9rieuse (<em>Cass. soc., 26\u00a0janv. 2005, n\u00b0 03-40.332<\/em><em>).<\/em><\/p>\n<p style=\"text-align: justify;\">Le salari\u00e9 doit b\u00e9n\u00e9ficier, outre des indemnit\u00e9s l\u00e9gales, de dommages-int\u00e9r\u00eats pour rupture abusive. S&#8217;agissant de l&#8217;indemnit\u00e9 compensatrice de pr\u00e9avis, la Cour de cassation consid\u00e8re qu&#8217;elle doit alors \u00eatre vers\u00e9e <em>(<\/em><em>Cass. soc., 26 nov. 2002, n<sup>o<\/sup> 00-41633<\/em><em> ; <\/em><em>Cass. soc., 19 mai 2004, n<sup>o<\/sup> 03-40160<\/em><em>).<\/em><\/p>\n<ul style=\"text-align: justify;\">\n<li><strong><span style=\"text-decoration: underline;\">En cas d\u2019inaptitude d\u2019origine professionnelle<\/span><\/strong><\/li>\n<\/ul>\n<p style=\"text-align: justify;\">Dans ce cas, le salari\u00e9 peut demander\u00a0 sa r\u00e9int\u00e9gration ou \u00e0 une indemnit\u00e9 \u00e9gale \u00e0 12 mois de salaire.<\/p>\n<p style=\"text-align: justify;\">L\u2019indemnit\u00e9 de 12 mois de salaire peut se cumuler avec\u00a0:<\/p>\n<p style=\"text-align: justify;\">&#8211; l\u2019indemnit\u00e9 compensatrice de pr\u00e9avis,<\/p>\n<p style=\"text-align: justify;\">&#8211; le cas \u00e9ch\u00e9ant, avec l\u2019indemnit\u00e9 sp\u00e9ciale de licenciement pr\u00e9vue \u00e0 l\u2019article L1226-14 du Code du travail.<\/p>\n<p style=\"text-align: justify;\"><strong><span style=\"text-decoration: underline;\">Textes de r\u00e9f\u00e9rence<\/span><\/strong>\u00a0:<\/p>\n<p style=\"text-align: justify;\">Article 1226-14 du Code du travail\u00a0:<\/p>\n<p style=\"text-align: justify;\"><em>\u00ab\u00a0La rupture du contrat de travail dans les cas pr\u00e9vus au deuxi\u00e8me alin\u00e9a de l&#8217;article L. 1226-12 ouvre droit, pour le salari\u00e9, \u00e0 une indemnit\u00e9 compensatrice d&#8217;un montant \u00e9gal \u00e0 celui de l&#8217;indemnit\u00e9 compensatrice de pr\u00e9avis pr\u00e9vue \u00e0 l&#8217;article L. 1234-5 ainsi qu&#8217;\u00e0 une indemnit\u00e9 sp\u00e9ciale de licenciement qui, sauf dispositions conventionnelles plus favorables, est \u00e9gale au double de l&#8217;indemnit\u00e9 pr\u00e9vue par l&#8217;article L. 1234-9.<\/em><\/p>\n<p style=\"text-align: justify;\"><em>Toutefois, ces indemnit\u00e9s ne sont pas dues par l&#8217;employeur qui \u00e9tablit que le refus par le salari\u00e9 du reclassement qui lui est propos\u00e9 est abusif.<\/em><\/p>\n<p style=\"text-align: justify;\"><em>Les dispositions du pr\u00e9sent article ne se cumulent pas avec les avantages de m\u00eame nature pr\u00e9vus par des dispositions conventionnelles ou contractuelles en vigueur au 7 janvier 1981 et destin\u00e9s \u00e0 compenser le pr\u00e9judice r\u00e9sultant de la perte de l&#8217;emploi cons\u00e9cutive \u00e0 l&#8217;accident du travail ou \u00e0 la maladie professionnelle\u00a0\u00bb.<\/em><\/p>\n<p style=\"text-align: justify;\">Article L1226-15 du Code du travail\u00a0:<\/p>\n<p style=\"text-align: justify;\"><em>\u00ab\u00a0Lorsqu&#8217;un licenciement est prononc\u00e9 en m\u00e9connaissance des dispositions relatives \u00e0 la r\u00e9int\u00e9gration du salari\u00e9 d\u00e9clar\u00e9 apte, pr\u00e9vues \u00e0 l&#8217;article L. 1226-8, le tribunal saisi peut proposer la r\u00e9int\u00e9gration du salari\u00e9 dans l&#8217;entreprise, avec maintien de ses avantages acquis.<\/em><\/p>\n<p style=\"text-align: justify;\"><em>Il en va de m\u00eame en cas de licenciement prononc\u00e9 en m\u00e9connaissance des dispositions relatives au reclassement du salari\u00e9 d\u00e9clar\u00e9 inapte pr\u00e9vues aux articles L. 1226-10 \u00e0 L. 1226-12.<\/em><\/p>\n<p style=\"text-align: justify;\"><em>En cas de refus de r\u00e9int\u00e9gration par l&#8217;une ou l&#8217;autre des parties, le tribunal octroie une indemnit\u00e9 au salari\u00e9. Cette indemnit\u00e9 ne peut \u00eatre inf\u00e9rieure \u00e0 douze mois de salaires. Elle se cumule avec l&#8217;indemnit\u00e9 compensatrice et, le cas \u00e9ch\u00e9ant, l&#8217;indemnit\u00e9 sp\u00e9ciale de licenciement pr\u00e9vues \u00e0 l&#8217;article L. 1226-14.<\/em><\/p>\n<p style=\"text-align: justify;\"><em>Lorsqu&#8217;un licenciement est prononc\u00e9 en m\u00e9connaissance des dispositions du troisi\u00e8me alin\u00e9a de l&#8217;article L. 1226-12, il est fait application des dispositions pr\u00e9vues par l&#8217;article L. 1235-2 en cas d&#8217;inobservation de la proc\u00e9dure de licenciement\u00a0\u00bb.<\/em><\/p>\n<p style=\"text-align: justify;\">En cas de non respect de la proc\u00e9dure, la Cour de cassation estime qu\u2019il en r\u00e9sulte un pr\u00e9judice pour le salari\u00e9 dont il appartient aux juges du fond d&#8217;assurer la r\u00e9paration (par l&#8217;allocation de dommages-int\u00e9r\u00eats souverainement appr\u00e9ci\u00e9s) dans la limite du montant l\u00e9gal d&#8217;un mois de salaire. Cette solution vaut, quels que soient l&#8217;effectif de l&#8217;entreprise ou l&#8217;anciennet\u00e9 du salari\u00e9 <em>(Cass. soc. 21 1996, n\u00b092-43824).<\/em><\/p>\n<p style=\"text-align: justify;\">En cas d\u2019inaptitude d\u2019origine non professionnelle\u00a0: En revanche, en l&#8217;absence de recherche de reclassement s\u00e9rieuse, le licenciement est d\u00e9pourvu de cause r\u00e9elle et s\u00e9rieuse <em>(<\/em><em> Cass. soc., 26\u00a0janv. 2005, n\u00b0 03-40.332<\/em><em>).<\/em><\/p>\n<h3 style=\"text-align: justify;\"><span style=\"text-decoration: underline;\">&#8211; La nullit\u00e9 du licenciement pour inaptitude<\/span><\/h3>\n<p style=\"text-align: justify;\">Si deux examens sont n\u00e9cessaires pour constater l\u2019inaptitude du salari\u00e9 \u00e0 son poste de travail, et que l\u2019inaptitude a \u00e9t\u00e9 constat\u00e9 \u00e0 l\u2019issue d\u2019un seul examen, le licenciement pour inaptitude est d\u00e9clar\u00e9 nul (Article L 1132-1 et article L 1132-4 du Code du travail).<\/p>\n<p style=\"text-align: justify;\">Quant au <strong>licenciement prononc\u00e9<\/strong> alors que le d\u00e9lai minimum de 15 jours n&#8217;est pas respect\u00e9, il est nul <em>(Cass. soc. 20 septembre 2006 n\u00b0 05-40.241)<\/em>.<\/p>\n<p style=\"text-align: justify;\"><strong><span style=\"text-decoration: underline;\">Bon \u00e0 savoir<\/span><\/strong>\u00a0: Le salari\u00e9 licenci\u00e9 pour inaptitude a droit \u00e0 l&#8217;assurance ch\u00f4mage s&#8217;il remplit les conditions d&#8217;affiliation.<\/p>\n<p><a title=\"Avocat Licenciement\" href=\"https:\/\/www.garcia-avocat-paris.fr\/licenciement\/avocat-licenciement\/\">Licenciement\u00a0<\/a>\u2022 Licenciement pour motif disciplinaire \u2022\u00a0<a title=\"Licenciement pour motif personnel\" href=\"https:\/\/www.garcia-avocat-paris.fr\/licenciement\/licenciement-pour-motif-personnel\/\">Licenciement pour motif personnel<\/a>\u00a0\u2022 <a title=\"Licenciement \u00e9conomique\" href=\"https:\/\/www.garcia-avocat-paris.fr\/licenciement\/licenciement-economique\/\">Licenciement \u00e9conomique<\/a> \u2022\u00a0Licenciement verbal<\/p>\n<p><strong><em>Partager:<\/em><\/strong><\/p>\n\n<div class=\"juiz_sps_links  counters_subtotal juiz_sps_displayed_bottom\" data-post-id=\"924\">\n<p class=\"screen-reader-text juiz_sps_maybe_hidden_text\">Partager la publication \"Licenciement pour inaptitude\"<\/p>\n\n\t<ul class=\"juiz_sps_links_list juiz_sps_hide_name\" onclick=\"void(0);\"><li class=\"juiz_sps_item juiz_sps_link_facebook\"><a href=\"https:\/\/www.facebook.com\/sharer.php?u=https%3A%2F%2Fwww.garcia-avocat-paris.fr%2Flicenciement%2Fwp-json%2Fwp%2Fv2%2Fpages%2F924\" rel=\"nofollow\"  target=\"_blank\"  title=\"Partager cet article sur Facebook\" class=\"juiz_sps_button\" data-nobs-key=\"facebook\"><span class=\"juiz_sps_icon jsps-facebook\"><\/span><span class=\"juiz_sps_network_name\">Facebook<\/span><\/a><\/li><li class=\"juiz_sps_item juiz_sps_link_twitter\"><a href=\"https:\/\/x.com\/intent\/tweet?source=webclient&#038;original_referer=https%3A%2F%2Fwww.garcia-avocat-paris.fr%2Flicenciement%2Fwp-json%2Fwp%2Fv2%2Fpages%2F924&#038;text=Licenciement%20pour%20inaptitude&#038;url=https%3A%2F%2Fwww.garcia-avocat-paris.fr%2Flicenciement%2Fwp-json%2Fwp%2Fv2%2Fpages%2F924&#038;related=garciaavocat&#038;via=garciaavocat\" rel=\"nofollow\"  target=\"_blank\"  title=\"Partager cet article sur X\" class=\"juiz_sps_button\" data-nobs-key=\"twitter\"><span class=\"juiz_sps_icon jsps-twitter\"><\/span><span class=\"juiz_sps_network_name\">X<\/span><\/a><\/li><li class=\"juiz_sps_item juiz_sps_link_linkedin\"><a href=\"https:\/\/www.linkedin.com\/sharing\/share-offsite\/?url=https%3A%2F%2Fwww.garcia-avocat-paris.fr%2Flicenciement%2Fwp-json%2Fwp%2Fv2%2Fpages%2F924\" rel=\"nofollow\"  target=\"_blank\"  title=\"Partager cet article sur LinkedIn\" class=\"juiz_sps_button\" data-nobs-key=\"linkedin\"><span class=\"juiz_sps_icon jsps-linkedin\"><\/span><span class=\"juiz_sps_network_name\">LinkedIn<\/span><\/a><\/li><\/ul>\n\t<\/div>\n\n\n","protected":false},"excerpt":{"rendered":"<p>&#8211; Le licenciement pour inaptitude du salari\u00e9 L&#8217;inaptitude au travail est une incapacit\u00e9 physique ou mentale \u00e0 exercer tout ou partie de ses fonctions. Elle ne peut \u00eatre \u00e9tablie que par le m\u00e9decin du travail qui l&#8217;assortit d&#8217;indications sur les \u00e9ventuelles possibilit\u00e9s de reclassement du salari\u00e9. Lorsque le salari\u00e9 est d\u00e9clar\u00e9 inapte, l&#8217;employeur est tenu [&hellip;]<\/p>\n","protected":false},"author":3,"featured_media":0,"parent":0,"menu_order":0,"comment_status":"open","ping_status":"open","template":"","meta":{"inline_featured_image":false,"footnotes":""},"class_list":["post-924","page","type-page","status-publish","hentry"],"yoast_head":"<!-- This site is optimized with the Yoast SEO plugin v27.4 - https:\/\/yoast.com\/product\/yoast-seo-wordpress\/ -->\n<title>Licenciement pour inaptitude du salari\u00e9 - Cabinet SG<\/title>\n<meta name=\"description\" content=\"L&#039;inaptitude au travail est une incapacit\u00e9 physique ou mentale \u00e0 exercer tout ou partie de ses fonctions. Contactez-nous au 0699574750\" \/>\n<meta name=\"robots\" content=\"index, follow, max-snippet:-1, max-image-preview:large, max-video-preview:-1\" \/>\n<link rel=\"canonical\" href=\"https:\/\/www.garcia-avocat-paris.fr\/licenciement\/licenciement-pour-inaptitude\/\" \/>\n<meta property=\"og:locale\" content=\"fr_FR\" \/>\n<meta property=\"og:type\" content=\"article\" \/>\n<meta property=\"og:title\" content=\"Licenciement pour inaptitude du salari\u00e9 - Cabinet SG\" \/>\n<meta property=\"og:description\" content=\"L&#039;inaptitude au travail est une incapacit\u00e9 physique ou mentale \u00e0 exercer tout ou partie de ses fonctions. Contactez-nous au 0699574750\" \/>\n<meta property=\"og:url\" content=\"https:\/\/www.garcia-avocat-paris.fr\/licenciement\/licenciement-pour-inaptitude\/\" \/>\n<meta property=\"og:site_name\" content=\"Avocat Licenciement - Avocat Droit du Travail | Sarah GARCIA\" \/>\n<meta property=\"article:publisher\" content=\"https:\/\/www.facebook.com\/Cabinet.SG.Avocat.Paris\" \/>\n<meta property=\"article:modified_time\" content=\"2023-03-18T11:26:03+00:00\" \/>\n<meta property=\"og:image\" content=\"https:\/\/www.garcia-avocat-paris.fr\/licenciement\/wp-content\/uploads\/2015\/05\/49.jpg\" \/>\n<meta name=\"twitter:card\" content=\"summary_large_image\" \/>\n<meta name=\"twitter:site\" content=\"@GarciaAvocat\" \/>\n<meta name=\"twitter:label1\" content=\"Dur\u00e9e de lecture estim\u00e9e\" \/>\n\t<meta name=\"twitter:data1\" content=\"12 minutes\" \/>\n<script type=\"application\/ld+json\" class=\"yoast-schema-graph\">{\"@context\":\"https:\\\/\\\/schema.org\",\"@graph\":[{\"@type\":\"WebPage\",\"@id\":\"https:\\\/\\\/www.garcia-avocat-paris.fr\\\/licenciement\\\/licenciement-pour-inaptitude\\\/\",\"url\":\"https:\\\/\\\/www.garcia-avocat-paris.fr\\\/licenciement\\\/licenciement-pour-inaptitude\\\/\",\"name\":\"Licenciement pour inaptitude du salari\u00e9 - Cabinet SG\",\"isPartOf\":{\"@id\":\"https:\\\/\\\/www.garcia-avocat-paris.fr\\\/licenciement\\\/#website\"},\"primaryImageOfPage\":{\"@id\":\"https:\\\/\\\/www.garcia-avocat-paris.fr\\\/licenciement\\\/licenciement-pour-inaptitude\\\/#primaryimage\"},\"image\":{\"@id\":\"https:\\\/\\\/www.garcia-avocat-paris.fr\\\/licenciement\\\/licenciement-pour-inaptitude\\\/#primaryimage\"},\"thumbnailUrl\":\"https:\\\/\\\/www.garcia-avocat-paris.fr\\\/licenciement\\\/wp-content\\\/uploads\\\/2015\\\/05\\\/49.jpg\",\"datePublished\":\"2015-04-06T19:45:10+00:00\",\"dateModified\":\"2023-03-18T11:26:03+00:00\",\"description\":\"L'inaptitude au travail est une incapacit\u00e9 physique ou mentale \u00e0 exercer tout ou partie de ses fonctions. Contactez-nous au 0699574750\",\"breadcrumb\":{\"@id\":\"https:\\\/\\\/www.garcia-avocat-paris.fr\\\/licenciement\\\/licenciement-pour-inaptitude\\\/#breadcrumb\"},\"inLanguage\":\"fr-FR\",\"potentialAction\":[{\"@type\":\"ReadAction\",\"target\":[\"https:\\\/\\\/www.garcia-avocat-paris.fr\\\/licenciement\\\/licenciement-pour-inaptitude\\\/\"]}]},{\"@type\":\"ImageObject\",\"inLanguage\":\"fr-FR\",\"@id\":\"https:\\\/\\\/www.garcia-avocat-paris.fr\\\/licenciement\\\/licenciement-pour-inaptitude\\\/#primaryimage\",\"url\":\"https:\\\/\\\/www.garcia-avocat-paris.fr\\\/licenciement\\\/wp-content\\\/uploads\\\/2015\\\/05\\\/49.jpg\",\"contentUrl\":\"https:\\\/\\\/www.garcia-avocat-paris.fr\\\/licenciement\\\/wp-content\\\/uploads\\\/2015\\\/05\\\/49.jpg\",\"width\":495,\"height\":235},{\"@type\":\"BreadcrumbList\",\"@id\":\"https:\\\/\\\/www.garcia-avocat-paris.fr\\\/licenciement\\\/licenciement-pour-inaptitude\\\/#breadcrumb\",\"itemListElement\":[{\"@type\":\"ListItem\",\"position\":1,\"name\":\"Accueil\",\"item\":\"https:\\\/\\\/www.garcia-avocat-paris.fr\\\/licenciement\\\/\"},{\"@type\":\"ListItem\",\"position\":2,\"name\":\"Licenciement pour inaptitude\"}]},{\"@type\":\"WebSite\",\"@id\":\"https:\\\/\\\/www.garcia-avocat-paris.fr\\\/licenciement\\\/#website\",\"url\":\"https:\\\/\\\/www.garcia-avocat-paris.fr\\\/licenciement\\\/\",\"name\":\"Avocat Licenciement - Avocat Droit du Travail | Sarah GARCIA\",\"description\":\"Avocat du Travail Paris - Le Blog\",\"publisher\":{\"@id\":\"https:\\\/\\\/www.garcia-avocat-paris.fr\\\/licenciement\\\/#organization\"},\"potentialAction\":[{\"@type\":\"SearchAction\",\"target\":{\"@type\":\"EntryPoint\",\"urlTemplate\":\"https:\\\/\\\/www.garcia-avocat-paris.fr\\\/licenciement\\\/?s={search_term_string}\"},\"query-input\":{\"@type\":\"PropertyValueSpecification\",\"valueRequired\":true,\"valueName\":\"search_term_string\"}}],\"inLanguage\":\"fr-FR\"},{\"@type\":\"Organization\",\"@id\":\"https:\\\/\\\/www.garcia-avocat-paris.fr\\\/licenciement\\\/#organization\",\"name\":\"Cabinet SG Avocat\",\"url\":\"https:\\\/\\\/www.garcia-avocat-paris.fr\\\/licenciement\\\/\",\"logo\":{\"@type\":\"ImageObject\",\"inLanguage\":\"fr-FR\",\"@id\":\"https:\\\/\\\/www.garcia-avocat-paris.fr\\\/licenciement\\\/#\\\/schema\\\/logo\\\/image\\\/\",\"url\":\"https:\\\/\\\/www.garcia-avocat-paris.fr\\\/licenciement\\\/wp-content\\\/uploads\\\/2015\\\/03\\\/Logo-du-cabinet-sg-avocat.jpg\",\"contentUrl\":\"https:\\\/\\\/www.garcia-avocat-paris.fr\\\/licenciement\\\/wp-content\\\/uploads\\\/2015\\\/03\\\/Logo-du-cabinet-sg-avocat.jpg\",\"width\":75,\"height\":79,\"caption\":\"Cabinet SG Avocat\"},\"image\":{\"@id\":\"https:\\\/\\\/www.garcia-avocat-paris.fr\\\/licenciement\\\/#\\\/schema\\\/logo\\\/image\\\/\"},\"sameAs\":[\"https:\\\/\\\/www.facebook.com\\\/Cabinet.SG.Avocat.Paris\",\"https:\\\/\\\/x.com\\\/GarciaAvocat\",\"https:\\\/\\\/www.linkedin.com\\\/pub\\\/sarah-garcia\\\/69\\\/24\\\/12b\"]}]}<\/script>\n<!-- \/ Yoast SEO plugin. -->","yoast_head_json":{"title":"Licenciement pour inaptitude du salari\u00e9 - Cabinet SG","description":"L'inaptitude au travail est une incapacit\u00e9 physique ou mentale \u00e0 exercer tout ou partie de ses fonctions. Contactez-nous au 0699574750","robots":{"index":"index","follow":"follow","max-snippet":"max-snippet:-1","max-image-preview":"max-image-preview:large","max-video-preview":"max-video-preview:-1"},"canonical":"https:\/\/www.garcia-avocat-paris.fr\/licenciement\/licenciement-pour-inaptitude\/","og_locale":"fr_FR","og_type":"article","og_title":"Licenciement pour inaptitude du salari\u00e9 - Cabinet SG","og_description":"L'inaptitude au travail est une incapacit\u00e9 physique ou mentale \u00e0 exercer tout ou partie de ses fonctions. Contactez-nous au 0699574750","og_url":"https:\/\/www.garcia-avocat-paris.fr\/licenciement\/licenciement-pour-inaptitude\/","og_site_name":"Avocat Licenciement - Avocat Droit du Travail | Sarah GARCIA","article_publisher":"https:\/\/www.facebook.com\/Cabinet.SG.Avocat.Paris","article_modified_time":"2023-03-18T11:26:03+00:00","og_image":[{"url":"https:\/\/www.garcia-avocat-paris.fr\/licenciement\/wp-content\/uploads\/2015\/05\/49.jpg","type":"","width":"","height":""}],"twitter_card":"summary_large_image","twitter_site":"@GarciaAvocat","twitter_misc":{"Dur\u00e9e de lecture estim\u00e9e":"12 minutes"},"schema":{"@context":"https:\/\/schema.org","@graph":[{"@type":"WebPage","@id":"https:\/\/www.garcia-avocat-paris.fr\/licenciement\/licenciement-pour-inaptitude\/","url":"https:\/\/www.garcia-avocat-paris.fr\/licenciement\/licenciement-pour-inaptitude\/","name":"Licenciement pour inaptitude du salari\u00e9 - Cabinet SG","isPartOf":{"@id":"https:\/\/www.garcia-avocat-paris.fr\/licenciement\/#website"},"primaryImageOfPage":{"@id":"https:\/\/www.garcia-avocat-paris.fr\/licenciement\/licenciement-pour-inaptitude\/#primaryimage"},"image":{"@id":"https:\/\/www.garcia-avocat-paris.fr\/licenciement\/licenciement-pour-inaptitude\/#primaryimage"},"thumbnailUrl":"https:\/\/www.garcia-avocat-paris.fr\/licenciement\/wp-content\/uploads\/2015\/05\/49.jpg","datePublished":"2015-04-06T19:45:10+00:00","dateModified":"2023-03-18T11:26:03+00:00","description":"L'inaptitude au travail est une incapacit\u00e9 physique ou mentale \u00e0 exercer tout ou partie de ses fonctions. Contactez-nous au 0699574750","breadcrumb":{"@id":"https:\/\/www.garcia-avocat-paris.fr\/licenciement\/licenciement-pour-inaptitude\/#breadcrumb"},"inLanguage":"fr-FR","potentialAction":[{"@type":"ReadAction","target":["https:\/\/www.garcia-avocat-paris.fr\/licenciement\/licenciement-pour-inaptitude\/"]}]},{"@type":"ImageObject","inLanguage":"fr-FR","@id":"https:\/\/www.garcia-avocat-paris.fr\/licenciement\/licenciement-pour-inaptitude\/#primaryimage","url":"https:\/\/www.garcia-avocat-paris.fr\/licenciement\/wp-content\/uploads\/2015\/05\/49.jpg","contentUrl":"https:\/\/www.garcia-avocat-paris.fr\/licenciement\/wp-content\/uploads\/2015\/05\/49.jpg","width":495,"height":235},{"@type":"BreadcrumbList","@id":"https:\/\/www.garcia-avocat-paris.fr\/licenciement\/licenciement-pour-inaptitude\/#breadcrumb","itemListElement":[{"@type":"ListItem","position":1,"name":"Accueil","item":"https:\/\/www.garcia-avocat-paris.fr\/licenciement\/"},{"@type":"ListItem","position":2,"name":"Licenciement pour inaptitude"}]},{"@type":"WebSite","@id":"https:\/\/www.garcia-avocat-paris.fr\/licenciement\/#website","url":"https:\/\/www.garcia-avocat-paris.fr\/licenciement\/","name":"Avocat Licenciement - Avocat Droit du Travail | Sarah GARCIA","description":"Avocat du Travail Paris - Le Blog","publisher":{"@id":"https:\/\/www.garcia-avocat-paris.fr\/licenciement\/#organization"},"potentialAction":[{"@type":"SearchAction","target":{"@type":"EntryPoint","urlTemplate":"https:\/\/www.garcia-avocat-paris.fr\/licenciement\/?s={search_term_string}"},"query-input":{"@type":"PropertyValueSpecification","valueRequired":true,"valueName":"search_term_string"}}],"inLanguage":"fr-FR"},{"@type":"Organization","@id":"https:\/\/www.garcia-avocat-paris.fr\/licenciement\/#organization","name":"Cabinet SG Avocat","url":"https:\/\/www.garcia-avocat-paris.fr\/licenciement\/","logo":{"@type":"ImageObject","inLanguage":"fr-FR","@id":"https:\/\/www.garcia-avocat-paris.fr\/licenciement\/#\/schema\/logo\/image\/","url":"https:\/\/www.garcia-avocat-paris.fr\/licenciement\/wp-content\/uploads\/2015\/03\/Logo-du-cabinet-sg-avocat.jpg","contentUrl":"https:\/\/www.garcia-avocat-paris.fr\/licenciement\/wp-content\/uploads\/2015\/03\/Logo-du-cabinet-sg-avocat.jpg","width":75,"height":79,"caption":"Cabinet SG Avocat"},"image":{"@id":"https:\/\/www.garcia-avocat-paris.fr\/licenciement\/#\/schema\/logo\/image\/"},"sameAs":["https:\/\/www.facebook.com\/Cabinet.SG.Avocat.Paris","https:\/\/x.com\/GarciaAvocat","https:\/\/www.linkedin.com\/pub\/sarah-garcia\/69\/24\/12b"]}]}},"_links":{"self":[{"href":"https:\/\/www.garcia-avocat-paris.fr\/licenciement\/wp-json\/wp\/v2\/pages\/924","targetHints":{"allow":["GET"]}}],"collection":[{"href":"https:\/\/www.garcia-avocat-paris.fr\/licenciement\/wp-json\/wp\/v2\/pages"}],"about":[{"href":"https:\/\/www.garcia-avocat-paris.fr\/licenciement\/wp-json\/wp\/v2\/types\/page"}],"author":[{"embeddable":true,"href":"https:\/\/www.garcia-avocat-paris.fr\/licenciement\/wp-json\/wp\/v2\/users\/3"}],"replies":[{"embeddable":true,"href":"https:\/\/www.garcia-avocat-paris.fr\/licenciement\/wp-json\/wp\/v2\/comments?post=924"}],"version-history":[{"count":0,"href":"https:\/\/www.garcia-avocat-paris.fr\/licenciement\/wp-json\/wp\/v2\/pages\/924\/revisions"}],"wp:attachment":[{"href":"https:\/\/www.garcia-avocat-paris.fr\/licenciement\/wp-json\/wp\/v2\/media?parent=924"}],"curies":[{"name":"wp","href":"https:\/\/api.w.org\/{rel}","templated":true}]}}